{"version":"1.0","provider_name":"K\u00edv\u00fcl-bel\u00fcl","provider_url":"https:\/\/kivulbelul.cafeblog.hu","author_name":"Sz. Zsuzsi","author_url":"https:\/\/kivulbelul.cafeblog.hu\/author\/zsuzska-3\/","title":"Mai kis csod\u00e1m","html":"<h2>Vannak <del>m\u00e9g<\/del> j\u00f3 emberek. M\u00e9g n\u00e9lk\u00fcl. Mert vannak.\u00a0<\/h2>\r\n<p>&nbsp;<\/p>\r\n<h4><img class=\"aligncenter size-large wp-image-410\" src=\"https:\/\/kivulbelul.cafeblog.hu\/files\/2019\/03\/flower-22656_1920-600x402.jpg\" alt=\"\" width=\"600\" height=\"402\" \/><\/h4>\r\n<p>&nbsp;<\/p>\r\n<h4>Ma megint egy kisebb csoda t\u00f6rt\u00e9nt velem, minden esetre \u00e9n \u00fagy \u00e9ltem meg.<\/h4>\r\n<p>&nbsp;<\/p>\r\n<p>Vonattal mentem be Pestre, a vonathoz bring\u00e1val sz\u00e1guldottam, mint rendesen, persze utols\u00f3 pillanatban.<br \/>Berohanok, megveszem a jegyet, kirohanok, j\u00f6n a vonat, a bring\u00e1ban m\u00e9g ott vannak a cuccaim, kir\u00e1ngatom \u0151ket, rohanok le a l\u00e9pcs\u0151n, fel a l\u00e9pcs\u0151n, utols\u00f3 pillanatban m\u00e9g fel tudtunk sz\u00e1llni p\u00e1ran.<\/p>\r\n<div class=\"text_exposed_show\">\r\n<p>Lehuppantam, majd elkezdtem keresni a jegyem.<br \/>Sehol semmi, \u00e9s m\u00e9g csak eml\u00e9kem sem volt, hogy a nagy fut\u00e1sban hova tettem. Zsebembe? Ott nincs. T\u00e1sk\u00e1ba? Ott sincs. K\u00f6nyvembe? Ott sincs.<br \/>Vadul keresni kezdtem a jegyet, \u00fajra \u00e9s \u00fajra \u00e1tn\u00e9zve mindent. Semmi.<\/p>\r\n<p>Lelki szemeim el\u0151tt l\u00e1ttam, hogy j\u00f6n a kalauz \u00e9s milyen irt\u00f3 ciki lesz feln\u0151tt fejjel, mintha blicceln\u00e9k...<br \/>\u00dajra k\u00e9nyszeresen \u00e1tn\u00e9ztem p\u00e1rszor mindent. Semmi.<br \/>De mi\u00e9rt j\u00f6nne a kalauz? H\u00e1nyszor volt, hogy nem j\u00f6tt. T\u00f6bbsz\u00f6r, mint ah\u00e1nyszor j\u00f6tt. De ha pont ma, az nagyon ciki...<br \/>Tal\u00e1ltam p\u00e1r r\u00e9gi jegyet, amit bev\u00e1gtam a t\u00e1sk\u00e1ba ide-oda, de egyik sem a mai.<\/p>\r\n<p>Ekkor megl\u00e1tam egy nagydarab f\u00e9rfit, ahogy egyenruh\u00e1ban lassan k\u00f6zel\u00edt a m\u00e1sik kocsiban.<\/p>\r\n<p>\u00dajra vadul keres\u00e9sbe fogtam, n\u00e9mi p\u00e1nik uralkodott el rajtam.<br \/>Ekkor megsz\u00f3lalt egy m\u00e9ly hang.<br \/>K\u00e9sz. V\u00e9ge.<br \/>R\u00e1n\u00e9ztem \u00e9s csak annyit tudtam mondani:<br \/>- Nem tal\u00e1lom. Elhagyhattam fut\u00e1s k\u00f6zben. - k\u00f6zben szorongattam a r\u00e9gi gy\u0171r\u00f6tt jegyeket.<\/p>\r\n<p>Mire \u0151:<br \/>- Ajjaj. Visszafel\u00e9 is megvette?<br \/>- Nem csak oda.<br \/>- Akkor legal\u00e1bb nem vesztett sokat.<br \/>\u00c9s tov\u00e1bbs\u00e9t\u00e1lt....<\/p>\r\n<p>H\u00e1t ism\u00e9t nem tal\u00e1ltam szavakat, de most m\u00e1sk\u00e9pp.<br \/>Egy j\u00f3 ember. Tal\u00e1n l\u00e1tszott rajtam az ijedts\u00e9g. Tal\u00e1n m\u00e9g azt is l\u00e1tta, amikor a vonat fel\u00e9 futottam.<br \/>M\u00e9gis, megtehette volna, hogy k\u00f6t\u00f6zk\u00f6dik vagy megb\u00fcntet. Nem tette.<\/p>\r\n<p>Azt\u00e1n arra gondoltam - \u00e9s most gondolj r\u00f3lam amit akarsz, hogy ezt mondom magamr\u00f3l, de - becs\u00fcletes ember vagyok, m\u00e1soknak nem akarok, nem k\u00edv\u00e1nok rosszat. Nagylelk\u0171 vagyok, ahol \u00e9s akinek tudok seg\u00edtek.\u00a0<br \/>Azt kapod amit adsz.<br \/>Ha szereted az embereket, \u0151k is szeretni fognak.<br \/>Ha sz\u00e9pnek l\u00e1tod a vil\u00e1got, val\u00f3ban sz\u00e9p lesz. Ha kedves \u00e9s meg\u00e9rt\u0151 vagy m\u00e1sokkal, \u0151k is kedvesek \u00e9s meg\u00e9rt\u0151ek lesznek veled.<br \/>\u00c9n most valamit visszakaptam.<br \/>Rem\u00e9lem \u0151 is visszakapja, amikor sz\u00fcks\u00e9ge lesz r\u00e1!\u00a0<span class=\"_47e3 _5mfr\" title=\"heart hangulatjel\"><img class=\"img\" role=\"presentation\" src=\"https:\/\/kivulbelul.cafeblog.hu\/files\/2019\/03\/2764-1.png\" alt=\"\" width=\"16\" height=\"16\" \/><\/span><\/p>\r\n<\/div>\r\n<p>&nbsp;<\/p>\r\n<p>[embed]https:\/\/kivulbelul.cafeblog.hu\/2019\/03\/19\/szeretni-szultek\/[\/embed]<\/p>\r\n<p>[embed]https:\/\/kivulbelul.cafeblog.hu\/2018\/12\/29\/dontesek-es-valaszutak-miert-olyan-nehez\/[\/embed]<\/p>\r\n<p>[embed]https:\/\/kivulbelul.cafeblog.hu\/2018\/12\/21\/5-hihetetlenul-egyszeru-trukk-a-boldogsagert\/[\/embed]<\/p>\r\n<p>&nbsp;<\/p>\r\n<p>&nbsp;<\/p>\r\n<p>&nbsp;<\/p>\r\n<p>&nbsp;<\/p>\r\n<p>(forr\u00e1s:\u00a0https:\/\/www.facebook.com\/KivulbelulSzmrecsanyiZsuzsival\/photos\/a.397988947237771\/801381310231864\/)<\/p>","type":"rich","thumbnail_url":"https:\/\/kivulbelul.cafeblog.hu\/files\/2019\/03\/flower-22656_1920-150x150.jpg","thumbnail_width":150,"thumbnail_height":150}